{"version":"1.0","provider_name":"Vintage Bazaar.hu","provider_url":"https:\/\/vintagebazaar.cafeblog.hu","author_name":"VintageBazaar.hu","author_url":"https:\/\/vintagebazaar.cafeblog.hu\/author\/vintagebazaar_hu\/","title":"Kr\u00e9tat\u00e1bla textilen","html":"<p>Kor\u00e1bban kipr\u00f3b\u00e1ltuk, hogy lehet <a target=\"_self\" href=\"http:\/\/apacukababa.blog.hu\/2013\/03\/13\/d_i_y_kretatabla_festek_hazilag\">h\u00e1zilag kr\u00e9tat\u00e1bla<\/a> fest\u00e9ket el\u0151\u00e1ll\u00edtani, de a boltban v\u00e1s\u00e1rolt fest\u00e9k nagy el\u0151nye, hogy minden fel\u00fcletre felkenhet\u0151 \u00e9s a mindenben most a textilre esett a v\u00e1laszt\u00e1s. K\u00edv\u00e1ncsi voltam, hogy textilre kenve megkapjuk e azt a fel\u00fcletet, amire \u00edrni is lehet.<\/p>\n<p>A v\u00e1lasz a k\u00e9pekben:<\/p>\n<p><img src=\"https:\/\/vintagebazaar.cafeblog.hu\/files\/2013\/03\/rsz_2013-03-26.jpg\" alt=\"rsz_2013-03-26.jpg\" class=\"imgnotext\" height=\"327\" width=\"526\" \/><\/p>\n<p>H\u00edmz\u0151kerettel hat\u00e1roltam be a festeni k\u00edv\u00e1nt ter\u00fcletet, 2 r\u00e9tegben festettem, persze a p\u00f3l\u00f3 r\u00e9tegei k\u00f6z\u00e9 tettem egy kartont, hogy ne \u00fcss\u00f6n \u00e1t a fest\u00e9k. Nem csuromvizes, de j\u00f3l kinyomkodott vizes szivaccsal m\u00e9g t\u00f6r\u00f6lhet\u0151 is.<\/p>\n<p>Klassz p\u00f3l\u00f3t lehet \u00edgy k\u00e9sz\u00edteni, amire mindig az aktu\u00e1lis k\u00f6zlend\u0151nket \u00edrhatjuk, de \u00e9tteremben a felszolg\u00e1l\u00f3knak is vicces lenne a napi aj\u00e1nlattal!<\/p>\n<p><\/p>\n<p>Ha van kedvetek h\u00edrlevelet kapni, akkor \u00edrjatok egy emailt: <a href=\"mailto:info@vintagebazaar.hu\">info@vintagebazaar.hu<\/a> M\u00e9g mi sem tudjuk, hogy mivel lesz t\u00f6bb, de am\u00edg ki nem tal\u00e1ljuk nem k\u00fcldj\u00fck!:)<\/p>\n<p><a target=\"_self\" href=\"http:\/\/apacukababa.blog.hu\/2013\/03\/25\/geza_892\">A tegnapi blogbejegyz\u00e9s\u00fcnk<\/a>!<\/p>","type":"rich"}