{"version":"1.0","provider_name":"Vintage Bazaar.hu","provider_url":"https:\/\/vintagebazaar.cafeblog.hu","author_name":"VintageBazaar.hu","author_url":"https:\/\/vintagebazaar.cafeblog.hu\/author\/vintagebazaar_hu\/","title":"Csipk\u00e9s polc","html":"Nagyon gyorsan telik az id\u0151, ilyen m\u00e9g nem is volt, hogy az els\u0151 bejegyz\u00e9st, h\u00f3nap k\u00f6zep\u00e9n ejts\u00fck meg, de h\u00e1t k\u00e9sz\u00fcl\u00fcnk az okt\u00f3ber 18-19.-i\u00a0<span style=\"color: #ff00ff\"><a href=\"https:\/\/www.facebook.com\/events\/1403474046543010\/\"><span style=\"color: #ff00ff\">Vintage v\u00e1s\u00e1runkra<\/span><\/a><\/span>, ami a tavalyi k\u00f6lt\u00f6z\u00e9sb\u0151l visszamaradt munk\u00e1k p\u00f3tl\u00e1sa mellett nagy falat.\r\n\r\nAz egyik kedvelt term\u00e9k\u00fcnk a csipk\u00e9s polc, amit \u00e1ltal\u00e1ban fi\u00f3kb\u00f3l alak\u00edtunk \u00e1t. Mi csak \u00fagy h\u00edvjuk, \u00a0fi\u00f3k csajos\u00edt\u00e1s....\u00a0\u00a0\u00a0Az elk\u00e9sz\u00edt\u00e9se nagyon egyszer\u0171, a k\u00fcl\u00f6nlegess\u00e9ge a r\u00e9gi fi\u00f3k \u00e9s a csipke tal\u00e1lkoz\u00e1s\u00e1nak az \u00f6sszhangja. Nem kedvelj\u00fck a t\u00fal habos vintage ir\u00e1nyzatot, ahol minden csupa fodor, csipke \u00e9s szalag, de a fa \u00e9s a csipke ezen kombin\u00e1ci\u00f3ja tetszik nek\u00fcnk is.\r\n\r\nKell hozz\u00e1 szerkezetileg stabil, b\u00e1rmilyen r\u00e9gi fi\u00f3k, csipke, takker \u00e9s sniccer \u00a0Az\u00e9rt tal\u00e1ltuk ki, mert a fi\u00f3koknak \u00e1ltal\u00e1ban az alja adja meg mag\u00e1t el\u0151sz\u00f6r, mert sokszor gyenge min\u0151s\u00e9g\u0171 anyagb\u00f3l oldott\u00e1k meg r\u00e9gen is. Ezeket a Gabi k\u00e9sz\u00edti.\r\n\r\n<a href=\"https:\/\/vintagebazaar.cafeblog.hu\/files\/2013\/10\/csipk\u00e9spolc-002.jpg\"><img class=\"alignnone size-medium wp-image-5508441 aligncenter\" alt=\"csipk\u00e9spolc 002\" src=\"https:\/\/vintagebazaar.cafeblog.hu\/files\/2013\/10\/csipk\u00e9spolc-002-225x300.jpg\" width=\"225\" height=\"300\" \/><\/a>\r\n\r\n&nbsp;\r\n<p style=\"text-align: center\">R\u00e1helyezz\u00fck a fi\u00f3kot a csipk\u00e9re \u00e9s k\u00f6rbejel\u00f6lj\u00fck a v\u00e1g\u00e1s hely\u00e9t.<a href=\"https:\/\/vintagebazaar.cafeblog.hu\/files\/2013\/10\/csipk\u00e9spolc-004.jpg\"><img class=\"alignnone size-medium wp-image-5508442 aligncenter\" alt=\"csipk\u00e9spolc 004\" src=\"https:\/\/vintagebazaar.cafeblog.hu\/files\/2013\/10\/csipk\u00e9spolc-004-300x225.jpg\" width=\"300\" height=\"225\" \/><\/a><\/p>\r\n<p style=\"text-align: center\">Sniccerrel k\u00f6rbev\u00e1gjuk \u00e9s figyelj\u00fck, hogy a jel\u00f6l\u00e9s ment\u00e9n tegy\u00fck ezt, mert el\u00e9gg\u00e9 cs\u00faszk\u00e1l a csipke.\r\n<a href=\"https:\/\/vintagebazaar.cafeblog.hu\/files\/2013\/10\/csipk\u00e9spolc-008.jpg\"><img class=\"alignnone size-medium wp-image-5508443 aligncenter\" alt=\"csipk\u00e9spolc 008\" src=\"https:\/\/vintagebazaar.cafeblog.hu\/files\/2013\/10\/csipk\u00e9spolc-008-225x300.jpg\" width=\"225\" height=\"300\" \/><\/a><\/p>\r\n<a href=\"https:\/\/vintagebazaar.cafeblog.hu\/files\/2013\/10\/csipk\u00e9spolc-009.jpg\"><img class=\"alignnone size-medium wp-image-5508444 aligncenter\" alt=\"csipk\u00e9spolc 009\" src=\"https:\/\/vintagebazaar.cafeblog.hu\/files\/2013\/10\/csipk\u00e9spolc-009-300x225.jpg\" width=\"300\" height=\"225\" \/><\/a>\r\n\r\n&nbsp;\r\n<p style=\"text-align: center\">\"R\u00e1takkeroljuk\" a csipk\u00e9t k\u00f6rbe a sarkokn\u00e1l kezdve. Ha m\u00e1r tudjuk, hogy melyik ir\u00e1nyban lesz a falra akasztva, akkor r\u00e1tessz\u00fck a f\u00e9m akaszt\u00f3t.<\/p>\r\n<a href=\"https:\/\/vintagebazaar.cafeblog.hu\/files\/2013\/10\/csipk\u00e9spolc-010.jpg\"><img class=\"alignnone size-medium wp-image-5508445 aligncenter\" alt=\"csipk\u00e9spolc 010\" src=\"https:\/\/vintagebazaar.cafeblog.hu\/files\/2013\/10\/csipk\u00e9spolc-010-300x225.jpg\" width=\"300\" height=\"225\" \/><\/a>\r\n\r\n&nbsp;\r\n\r\nV\u00e9geredm\u00e9ny:<a href=\"https:\/\/vintagebazaar.cafeblog.hu\/files\/2013\/10\/csipk\u00e9spolc-020.jpg\"><img class=\"alignnone size-medium wp-image-5508447 aligncenter\" alt=\"csipk\u00e9spolc 020\" src=\"https:\/\/vintagebazaar.cafeblog.hu\/files\/2013\/10\/csipk\u00e9spolc-020-300x225.jpg\" width=\"300\" height=\"225\" \/><\/a>\r\n\r\n<a href=\"https:\/\/vintagebazaar.cafeblog.hu\/files\/2013\/10\/IMG_5609.jpg\"><img class=\"alignnone size-medium wp-image-5508448 aligncenter\" alt=\"IMG_5609\" src=\"https:\/\/vintagebazaar.cafeblog.hu\/files\/2013\/10\/IMG_5609-300x297.jpg\" width=\"300\" height=\"297\" \/><\/a>\r\n\r\n&nbsp;\r\n<p style=\"text-align: center\"><span style=\"color: #ff00ff\"><a href=\"https:\/\/www.facebook.com\/emilykincsesboltja?fref=ts\"><span style=\"color: #ff00ff\">Emily kincseboltj\u00e1ban<\/span><\/a><\/span> tartott fot\u00f3z\u00e1s enteri\u0151rje, falon egy csipk\u00e9s polccal.<\/p>\r\n&nbsp;\r\n\r\n<a href=\"https:\/\/vintagebazaar.cafeblog.hu\/files\/2013\/10\/emilyvintage18.jpg\"><img class=\"alignnone size-medium wp-image-5508452 aligncenter\" alt=\"emilyvintage18\" src=\"https:\/\/vintagebazaar.cafeblog.hu\/files\/2013\/10\/emilyvintage18-300x201.jpg\" width=\"300\" height=\"201\" \/><\/a>\r\n<p style=\"text-align: center\">Ezek pedig el\u00e9rhet\u0151ek lesznek a v\u00e1s\u00e1runkon!<\/p>\r\n<p style=\"text-align: center\"><a href=\"https:\/\/vintagebazaar.cafeblog.hu\/files\/2013\/10\/IMG_5628.jpg\"><img class=\"alignnone size-medium wp-image-5508449 aligncenter\" alt=\"IMG_5628\" src=\"https:\/\/vintagebazaar.cafeblog.hu\/files\/2013\/10\/IMG_5628-300x225.jpg\" width=\"300\" height=\"225\" \/><\/a><\/p>\r\n&nbsp;","type":"rich"}