{"version":"1.0","provider_name":"Vintage Bazaar.hu","provider_url":"https:\/\/vintagebazaar.cafeblog.hu","author_name":"VintageBazaar.hu","author_url":"https:\/\/vintagebazaar.cafeblog.hu\/author\/vintagebazaar_hu\/","title":"Kreat\u00edv fest\u00e9kek","html":"Megh\u00edv\u00e1st kaptunk a <span style=\"color: #ff00ff\"><a style=\"color: #ff00ff\" href=\"https:\/\/www.facebook.com\/pentarttermekek?fref=ts\">Pentart term\u00e9kek<\/a><\/span>-t\u0151l, amit Varga Judit a <span style=\"color: #ff00ff\"><a style=\"color: #ff00ff\" href=\"https:\/\/www.facebook.com\/blogjuditu?fref=ts\">blog.juditu<\/a><\/span> bloggere szervezett t\u00f6bb DIY bloggernek.\u00a0\u00a0Amikor bel\u00e9pt\u00fcnk a birodalomba, hirtelen a Csokol\u00e1d\u00e9 c\u00edm\u0171 film egyik jelenete jutott eszembe, amikor a polg\u00e1rmester sok\u00e1ig megtagadv\u00e1n mag\u00e1t\u00f3l az \u00e9des cs\u00e1b\u00edt\u00e1st, egyik garatfel\u00f6nt\u0151s \u00e9jszak\u00e1j\u00e1n bement a csokiboltba \u00e9s el\u0151t\u00f6rt\u00a0bel\u0151le a sok-sok elfojt\u00e1s \u00e9s amit csak \u00e9rt \"megk\u00f3stolt\" vagyis ink\u00e1bb\u00a0felzab\u00e1lt... Ezt az euf\u00f3ri\u00e1t \u00e9rezt\u00fck mi is, ahogy a polcok k\u00f6z\u00f6tt tekeregt\u00fcnk!\r\n\r\nA Pentart fest\u00e9keket gy\u00e1rt\u00f3 \u00e9s forgalmaz\u00f3 c\u00e9get\u00a0Holczer Gy\u00f6rgy alap\u00edtotta. Kezdetben ragaszt\u00f3kkal foglalkoztak, t\u00f6bbek sz\u00e1m\u00e1ra ismer\u0151sen cseng\u0151 Sulifix ragaszt\u00f3 is saj\u00e1t szabadalma volt. K\u00f6zelebb ker\u00fclve a kreat\u00edv iparhoz lend\u00fcltek \u00e1t a fest\u00e9kek gy\u00e1rt\u00e1s\u00e1nak vil\u00e1g\u00e1ba, amit folyamatosan fejlesztenek fi\u00e1val, Holczer G\u00e1borral \u00e9s egy kisebb csapattal. Minket\u00a0nagyon meglepett \u00e9s \u00f6r\u00f6mmel t\u00f6lt\u00f6tt el, hogy teljesen magyar fejleszt\u00e9s\u0171 \u00e9s magyar gy\u00e1rt\u00e1s\u00fa term\u00e9kekr\u0151l van sz\u00f3. Kunszentmikl\u00f3son 40 f\u0151vel gy\u00e1rtj\u00e1k a kreat\u00edv fest\u00e9keket hihetetlen sz\u00ednes palett\u00e1val \u00e9s nem csak a sz\u00ednei miatt. A term\u00e9kek k\u00f6z\u00f6tt \u00fcvegfest\u00e9kek, porcel\u00e1nfest\u00e9kek, akril fest\u00e9kek, temper\u00e1k mellett, selyemfest\u00e9shez minden kell\u00e9k, dekup\u00e1zs technik\u00e1hoz minden, paszt\u00e1k, csill\u00e1mporok, m\u00e1gnes fest\u00e9k, kr\u00e9tat\u00e1bla fest\u00e9k 8 sz\u00ednben, textilfest\u00e9kek \u00e9s antikol\u00e1shoz is hihetetlen b\u0151s\u00e9ges a k\u00edn\u00e1lat.\r\n<p style=\"text-align: center\"><a href=\"https:\/\/vintagebazaar.cafeblog.hu\/files\/2014\/10\/1780910_831760160210059_7722051424393631195_n.jpg\"><img class=\"alignnone size-large wp-image-5510261\" src=\"https:\/\/vintagebazaar.cafeblog.hu\/files\/2014\/10\/1780910_831760160210059_7722051424393631195_n-600x399.jpg\" alt=\"1780910_831760160210059_7722051424393631195_n\" width=\"600\" height=\"399\" \/><\/a><\/p>\r\n<p style=\"text-align: center\"><a href=\"https:\/\/vintagebazaar.cafeblog.hu\/files\/2014\/10\/10252008_831761270209948_255325770666984597_n.jpg\"><img class=\"alignnone size-large wp-image-5510262\" src=\"https:\/\/vintagebazaar.cafeblog.hu\/files\/2014\/10\/10252008_831761270209948_255325770666984597_n-600x400.jpg\" alt=\"10252008_831761270209948_255325770666984597_n\" width=\"600\" height=\"400\" \/><\/a><\/p>\r\n<p style=\"text-align: center\">Bemutat\u00f3<\/p>\r\nOlyan k\u00f3stol\u00f3t kaptunk, aminek a feldolgoz\u00e1sa itt a blogon nyomon k\u00f6vethet\u0151 lesz majd. El\u0151sz\u00f6r sz\u00e1munkra is teljesen idegen technik\u00e1t pr\u00f3b\u00e1ltunk ki, mind sz\u00ednvil\u00e1g\u00e1ban, mind st\u00edlus\u00e1ban. Neh\u00e9z szavakba \u00f6nteni a siker \u00e9lm\u00e9ny\u00e9t, de j\u00f3 nagy adagot kaptunk t\u0151le!:)\r\n\r\nM\u00e1z hat\u00e1s\u00fa viaszpaszt\u00e1val kezdt\u00fcnk, ami 6 f\u00e9le sz\u00ednben kaphat\u00f3. Nagyon finom illat\u00fa, mert m\u00e9hviasz alap\u00fa \u00e9s\u00a0iriz\u00e1l\u00f3 pigment tartalma miatt sz\u00ednj\u00e1tsz\u00f3 hat\u00e1s\u00fa s\u00f6t\u00e9t, \u00edvelt fel\u00fcleten- lehet olvasni a le\u00edr\u00e1sban. A fi\u00fak j\u00e1t\u00e9kai k\u00f6z\u00f6tt k\u00e9t darab s\u00e1rga halat tal\u00e1ltam, \u00edgy meg tudtam vel\u00fck besz\u00e9lni, hogy az egyiket \"Hadd var\u00e1zsoljam \u00e1t csillog\u00f3v\u00e1!\". Rendesek voltak... b\u00e1r ebben a korban minden j\u00f6het, ami csillog.\r\n\r\n<span style=\"text-decoration: underline\">A folyamat:<\/span> fekete akril fest\u00e9kkel le kell festeni a t\u00e1rgyat, hagyni sz\u00e1radni, azt\u00e1n a viaszpaszt\u00e1val v\u00e9kony r\u00e9tegben az ujjunkkal felvinni a fel\u00fcletre. Sz\u00e1rad\u00e1s ut\u00e1n (1-2 \u00f3ra) Pentart old\u00f3szeres lakkj\u00e1val kell lez\u00e1rni. A k\u00e9pek\u00a0sz\u00ednein semmit nem v\u00e1ltoztattam, t\u00e9nyleg \u00edgy n\u00e9z ki a v\u00e9g\u00e9n. Eozin m\u00e1z hat\u00e1s\u00fa lesz a fel\u00fclet. Nem hagyhattam ki az <span style=\"color: #ff00ff\"><a style=\"color: #ff00ff\" href=\"https:\/\/www.facebook.com\/pages\/Apacuka-ceramics\/720162191376080?fref=ts\">Apacuka ker\u00e1mi\u00e1t<\/a><\/span> sem a pr\u00f3b\u00e1b\u00f3l \u00e9s mell\u00e9 ker\u00fclt m\u00e9g egy kicsi igazi t\u00f6k is. Az arany paszt\u00e1t haszn\u00e1ltuk mindegyik t\u00e1rgyon.\r\n\r\n<a href=\"https:\/\/vintagebazaar.cafeblog.hu\/files\/2014\/10\/20141019_124723.jpg\"><img class=\"size-large wp-image-5510257 aligncenter\" src=\"https:\/\/vintagebazaar.cafeblog.hu\/files\/2014\/10\/20141019_124723-600x360.jpg\" alt=\"20141019_124723\" width=\"600\" height=\"360\" \/><\/a>\r\n\r\n<a href=\"https:\/\/vintagebazaar.cafeblog.hu\/files\/2014\/10\/20141019_124856.jpg\"><img class=\"size-large wp-image-5510258 aligncenter\" src=\"https:\/\/vintagebazaar.cafeblog.hu\/files\/2014\/10\/20141019_124856-600x360.jpg\" alt=\"20141019_124856\" width=\"600\" height=\"360\" \/><\/a>\r\n\r\n<a href=\"https:\/\/vintagebazaar.cafeblog.hu\/files\/2014\/10\/20141019_125746.jpg\"><img class=\"size-large wp-image-5510259 aligncenter\" src=\"https:\/\/vintagebazaar.cafeblog.hu\/files\/2014\/10\/20141019_125746-600x360.jpg\" alt=\"20141019_125746\" width=\"600\" height=\"360\" \/><\/a>\r\n\r\n<a href=\"https:\/\/vintagebazaar.cafeblog.hu\/files\/2014\/10\/20141019_130107.jpg\"><img class=\"size-large wp-image-5510260 aligncenter\" src=\"https:\/\/vintagebazaar.cafeblog.hu\/files\/2014\/10\/20141019_130107-600x360.jpg\" alt=\"20141019_130107\" width=\"600\" height=\"360\" \/><\/a>\r\n\r\n<a href=\"https:\/\/vintagebazaar.cafeblog.hu\/files\/2014\/10\/IMG_3437.jpg\"><img class=\"size-large wp-image-5510253 aligncenter\" src=\"https:\/\/vintagebazaar.cafeblog.hu\/files\/2014\/10\/IMG_3437-600x399.jpg\" alt=\"IMG_3437\" width=\"600\" height=\"399\" \/><\/a>\r\n\r\n&nbsp;\r\n\r\n<a href=\"https:\/\/vintagebazaar.cafeblog.hu\/files\/2014\/10\/IMG_3434.jpg\"><img class=\"size-large wp-image-5510254 aligncenter\" src=\"https:\/\/vintagebazaar.cafeblog.hu\/files\/2014\/10\/IMG_3434-600x399.jpg\" alt=\"IMG_3434\" width=\"600\" height=\"399\" \/><\/a>\r\n\r\n&nbsp;\r\n\r\n<a href=\"https:\/\/vintagebazaar.cafeblog.hu\/files\/2014\/10\/IMG_3432.jpg\"><img class=\"size-large wp-image-5510255 aligncenter\" src=\"https:\/\/vintagebazaar.cafeblog.hu\/files\/2014\/10\/IMG_3432-600x399.jpg\" alt=\"IMG_3432\" width=\"600\" height=\"399\" \/><\/a>\r\n<p style=\"text-align: center\"><a href=\"https:\/\/vintagebazaar.cafeblog.hu\/files\/2014\/10\/IMG_3432.jpg\"><img class=\"size-large wp-image-5510256 aligncenter\" src=\"https:\/\/vintagebazaar.cafeblog.hu\/files\/2014\/10\/IMG_3440-600x399.jpg\" alt=\"IMG_3440\" width=\"600\" height=\"399\" \/><\/a>T\u00e1lalva!<\/p>\r\n<p style=\"text-align: center\">Ezzel a fest\u00e9si technik\u00e1val gyakorlatilag b\u00e1rmib\u0151l v\u00e1lhat kar\u00e1csonyfa d\u00edsz, m\u00e9g egy ilyen fill\u00e9res m\u0171anyag halb\u00f3l is.<\/p>\r\n<p style=\"text-align: center\">Gondolkodtam rajta, hogy mi\u00e9rt is tetszik ennyire ez a csillog\u00f3s, f\u00e9mes fel\u00fclet, hiszen\u00a0az\u00e9rt ez a giccs hat\u00e1r\u00e1t is er\u0151sen s\u00farolja m\u00e1r... eg\u00e9szen id\u00e1ig... szerintem ezeken a t\u00e1rgyakon nagyon \u00fct\u0151sek \u00e9s nem, nem sok!<\/p>\r\n<p style=\"text-align: center\">A fi\u00fak pedig h\u00e9tv\u00e9gi aut\u00f3 tuningot tartottak a m\u0171helyben. Mondanom sem kell, hogy ez a csillog\u00f3s technika nekik is nagyon bej\u00f6tt, de a sz\u00e1rad\u00e1si id\u0151ket nem siker\u00fclt betartatni vel\u00fck!:)<\/p>\r\n<p style=\"text-align: center\"><a href=\"https:\/\/vintagebazaar.cafeblog.hu\/files\/2014\/10\/20141019_121826.jpg\"><img class=\"alignnone size-large wp-image-5510266\" src=\"https:\/\/vintagebazaar.cafeblog.hu\/files\/2014\/10\/20141019_121826-600x360.jpg\" alt=\"20141019_121826\" width=\"600\" height=\"360\" \/><\/a><\/p>\r\n<p style=\"text-align: left\"><span style=\"color: #ff00ff\"><a style=\"color: #ff00ff\" href=\"http:\/\/pentacolor.hu\/index.php?option=com_content&amp;task=view&amp;id=30&amp;Itemid=48\">Keress\u00e9tek a hobbi\/kreat\u00edv boltokban a Pentart m\u00e1rka nevet!<\/a><\/span><\/p>\r\n<p style=\"text-align: left\"><span style=\"color: #ff00ff\"><a style=\"color: #ff00ff\" href=\"https:\/\/www.facebook.com\/pages\/Vintage-bazaarhu\/116388491803174?fref=ts\">K\u00f6vetni itt tudtok minket!<\/a><\/span><\/p>","type":"rich"}